{"id":56,"date":"2016-07-16T17:01:21","date_gmt":"2016-07-16T15:01:21","guid":{"rendered":"http:\/\/www.olivergellert.de\/?page_id=56"},"modified":"2021-05-28T07:42:06","modified_gmt":"2021-05-28T05:42:06","slug":"datenschutz","status":"publish","type":"page","link":"https:\/\/www.olivergellert.de\/?page_id=56","title":{"rendered":"Datenschutzerkl\u00e4rung"},"content":{"rendered":"<h1><strong>Datenschutz<\/strong><\/h1>\n<p>Die Betreiber dieser Seiten nehmen den Schutz Ihrer pers\u00f6nlichen Daten sehr ernst. Wir behandeln Ihre personenbezogenen Daten vertraulich und entsprechend der gesetzlichen Datenschutzvorschriften sowie dieser Datenschutzerkl\u00e4rung.<\/p>\n<p>Die Nutzung unserer Webseite ist in der Regel ohne Angabe personenbezogener Daten m\u00f6glich. Soweit auf unseren Seiten personenbezogene Daten (beispielsweise Name, Anschrift oder E-Mail-Adressen) erhoben werden, erfolgt dies, soweit m\u00f6glich, stets auf freiwilliger Basis. Diese Daten werden ohne Ihre ausdr\u00fcckliche Zustimmung nicht an Dritte weitergegeben.<\/p>\n<p>Wir weisen darauf hin, dass die Daten\u00fcbertragung im Internet (z.B. bei der Kommunikation per E-Mail) Sicherheitsl\u00fccken aufweisen kann. Ein l\u00fcckenloser Schutz der Daten vor dem Zugriff durch Dritte ist nicht m\u00f6glich.<\/p>\n<p><strong>Datenschutzerkl\u00e4rung f\u00fcr die Nutzung von Facebook-Plugins (Like-Button)<\/strong><\/p>\n<p>Auf unseren Seiten sind Plugins des sozialen Netzwerks Facebook, Anbieter Facebook Inc., 1 Hacker Way, Menlo Park, California 94025, USA, integriert. Die Facebook-Plugins erkennen Sie an dem Facebook-Logo oder dem &#8222;Like-Button&#8220; (&#8222;Gef\u00e4llt mir&#8220;) auf unserer Seite. Eine \u00dcbersicht \u00fcber die Facebook-Plugins finden Sie hier: <a href=\"http:\/\/developers.facebook.com\/docs\/plugins\/\"><span style=\"color: #0066cc\">http:\/\/developers.facebook.com\/docs\/plugins\/<\/span><\/a>.<\/p>\n<p>Wenn Sie unsere Seiten besuchen, wird \u00fcber das Plugin eine direkte Verbindung zwischen Ihrem Browser und dem Facebook-Server hergestellt. Facebook erh\u00e4lt dadurch die Information, dass Sie mit Ihrer IP-Adresse unsere Seite besucht haben. Wenn Sie den Facebook &#8222;Like-Button&#8220; anklicken w\u00e4hrend Sie in Ihrem Facebook-Account eingeloggt sind, k\u00f6nnen Sie die Inhalte unserer Seiten auf Ihrem Facebook-Profil verlinken. Dadurch kann Facebook den Besuch unserer Seiten Ihrem Benutzerkonto zuordnen. Wir weisen darauf hin, dass wir als Anbieter der Seiten keine Kenntnis vom Inhalt der \u00fcbermittelten Daten sowie deren Nutzung durch Facebook erhalten. Weitere Informationen hierzu finden Sie in der Datenschutzerkl\u00e4rung von Facebook unter <a href=\"http:\/\/de-de.facebook.com\/policy.php\"><span style=\"color: #0066cc\">http:\/\/de-de.facebook.com\/policy.php<\/span><\/a>.<\/p>\n<p>Wenn Sie nicht w\u00fcnschen, dass Facebook den Besuch unserer Seiten Ihrem Facebook- Nutzerkonto zuordnen kann, loggen Sie sich bitte aus Ihrem Facebook-Benutzerkonto aus.<\/p>\n<p><strong>Datenschutzerkl\u00e4rung f\u00fcr die Nutzung von Google Analytics<\/strong><\/p>\n<p>Diese Website nutzt Funktionen des&nbsp; Webanalysedienstes Google Analytics. Anbieter ist die Google Inc. 1600 Amphitheatre Parkway Mountain View, CA 94043, USA. Google Analytics verwendet sog. &#8222;Cookies&#8220;. Das sind Textdateien, die auf Ihrem Computer gespeichert werden und die eine Analyse der Benutzung der Website durch Sie erm\u00f6glichen. Die durch den Cookie erzeugten Informationen \u00fcber Ihre Benutzung dieser Website werden in der Regel an einen Server von Google in den USA \u00fcbertragen und dort gespeichert.<\/p>\n<p>Im Falle der Aktivierung der IP-Anonymisierung auf dieser Webseite wird Ihre IP-Adresse von Google jedoch innerhalb von Mitgliedstaaten der Europ\u00e4ischen Union oder in anderen Vertragsstaaten des Abkommens \u00fcber den Europ\u00e4ischen Wirtschaftsraum zuvor gek\u00fcrzt. Nur in Ausnahmef\u00e4llen wird die volle IP-Adresse an einen Server von Google in den USA \u00fcbertragen und dort gek\u00fcrzt. Im Auftrag des Betreibers dieser Website wird Google diese Informationen benutzen, um Ihre Nutzung der Website auszuwerten, um Reports \u00fcber die Websiteaktivit\u00e4ten zusammenzustellen und um weitere mit der Websitenutzung und der Internetnutzung verbundene Dienstleistungen gegen\u00fcber dem Websitebetreiber zu erbringen. Die im Rahmen von Google Analytics von Ihrem Browser \u00fcbermittelte IP-Adresse wird nicht mit anderen Daten von Google zusammengef\u00fchrt.<\/p>\n<p>Sie k\u00f6nnen die Speicherung der Cookies durch eine entsprechende Einstellung Ihrer Browser-Software verhindern; wir weisen Sie jedoch darauf hin, dass Sie in diesem Fall gegebenenfalls nicht s\u00e4mtliche Funktionen dieser Website vollumf\u00e4nglich werden nutzen k\u00f6nnen. Sie k\u00f6nnen dar\u00fcber hinaus die Erfassung der durch das Cookie erzeugten und auf Ihre Nutzung der Website bezogenen Daten (inkl. Ihrer IP-Adresse) an Google sowie die Verarbeitung dieser Daten durch Google verhindern, indem sie das unter dem folgenden Link verf\u00fcgbare Browser-Plugin herunterladen und installieren: <a href=\"http:\/\/tools.google.com\/dlpage\/gaoptout?hl=de\"><span style=\"color: #0066cc\">http:\/\/tools.google.com\/dlpage\/gaoptout?hl=de<\/span><\/a><\/p>\n<p><strong>Datenschutzerkl\u00e4rung f\u00fcr die Nutzung von Google +1<\/strong><\/p>\n<p>Unsere Seiten nutzen Funktionen von Google +1. Anbieter ist die Google Inc. 1600 Amphitheatre Parkway Mountain View, CA 94043,&nbsp; USA.<\/p>\n<p>Erfassung und Weitergabe von Informationen: Mithilfe der Google +1-Schaltfl\u00e4che k\u00f6nnen Sie Informationen weltweit ver\u00f6ffentlichen. \u00fcber die Google +1-Schaltfl\u00e4che erhalten Sie und andere Nutzer personalisierte Inhalte von Google und unseren Partnern. Google speichert sowohl die Information, dass Sie f\u00fcr einen Inhalt +1 gegeben haben, als auch Informationen \u00fcber die Seite, die Sie beim Klicken auf +1 angesehen haben. Ihre +1 k\u00f6nnen als Hinweise zusammen mit Ihrem Profilnamen und Ihrem Foto in Google-Diensten, wie etwa in Suchergebnissen oder in Ihrem Google-Profil, oder an anderen Stellen auf Websites und Anzeigen im Internet eingeblendet werden. Google zeichnet Informationen \u00fcber Ihre +1-Aktivit\u00e4ten auf, um die Google-Dienste f\u00fcr Sie und andere zu verbessern. Um die Google +1-Schaltfl\u00e4che verwenden zu k\u00f6nnen, ben\u00f6tigen Sie ein weltweit sichtbares, \u00f6ffentliches Google-Profil, das zumindest den f\u00fcr das Profil gew\u00e4hlten Namen enthalten muss. Dieser Name wird in allen Google-Diensten verwendet. In manchen F\u00e4llen kann dieser Name auch einen anderen Namen ersetzen, den Sie beim Teilen von Inhalten \u00fcber Ihr Google-Konto verwendet haben. Die Identit\u00e4t Ihres Google- Profils kann Nutzern angezeigt werden, die Ihre E-Mail-Adresse kennen oder \u00fcber andere identifizierende Informationen von Ihnen verf\u00fcgen.<\/p>\n<p>Verwendung der erfassten Informationen: Neben den oben erl\u00e4uterten Verwendungszwecken werden die von Ihnen bereitgestellten Informationen gem\u00e4\u00df den geltenden Google-Datenschutzbestimmungen genutzt. Google ver\u00f6ffentlicht m\u00f6glicherweise zusammengefasste Statistiken \u00fcber die +1-Aktivit\u00e4ten der Nutzer bzw. gibt diese an Nutzer und Partner weiter, wie etwa Publisher, Inserenten oder verbundene Websites.<\/p>\n<p><strong>Datenschutzerkl\u00e4rung f\u00fcr die Nutzung von Pinterest<\/strong><\/p>\n<p>Auf unserer Seite verwenden wir Social Plugins des sozialen Netzwerkes Pinterest, das von der Pinterest Inc., 635 High Street, Palo Alto, CA, 94301, USA (&#8222;Pinterest&#8220;) betrieben wird. Wenn Sie eine Seite aufrufen die ein solches Plugin enth\u00e4lt, stellt Ihr Browser eine direkte Verbindung zu den Servern von Pinterest her. Das Plugin \u00fcbermittelt dabei Protokolldaten an den Server von Pinterest in die USA. Diese Protokolldaten enthalten m\u00f6glicherweise Ihre IP-Adresse, die Adresse der besuchten Websites, die ebenfalls Pinterest-Funktionen enthalten, Art und Einstellungen des Browsers, Datum und Zeitpunkt der Anfrage, Ihre Verwendungsweise von Pinterest sowie Cookies.<\/p>\n<p>Weitere Informationen zu Zweck, Umfang und weiterer Verarbeitung und Nutzung der Daten durch Pinterest sowie Ihre diesbez\u00fcglichen Rechte und M\u00f6glichkeiten zum Schutz Ihrer Privatsph\u00e4re finden Sie in den den Datenschutzhinweisen von Pinterest: <a href=\"https:\/\/about.pinterest.com\/de\/privacy-policy\"><span style=\"color: #0066cc\">https:\/\/about.pinterest.com\/de\/privacy-policy<\/span><\/a><\/p>\n<p><strong>Datenschutzerkl\u00e4rung f\u00fcr die Nutzung von Twitter<\/strong><\/p>\n<p>Auf unseren Seiten sind Funktionen des Dienstes Twitter eingebunden. Diese Funktionen werden angeboten durch die Twitter Inc., 1355 Market Street, Suite 900, San Francisco, CA 94103, USA. Durch das Benutzen von Twitter und der Funktion &#8222;Re-Tweet&#8220; werden die von Ihnen besuchten Webseiten mit Ihrem Twitter-Account verkn\u00fcpft und anderen Nutzern bekannt gegeben. Dabei werden auch Daten an Twitter \u00fcbertragen. Wir weisen darauf hin, dass wir als Anbieter der Seiten keine Kenntnis vom Inhalt der \u00fcbermittelten Daten sowie deren Nutzung durch Twitter erhalten. Weitere Informationen hierzu finden Sie in der Datenschutzerkl\u00e4rung von Twitter unter <a href=\"http:\/\/twitter.com\/privacy\"><span style=\"color: #0066cc\">http:\/\/twitter.com\/privacy<\/span><\/a>.<\/p>\n<p>Ihre Datenschutzeinstellungen bei Twitter k\u00f6nnen Sie in den Konto-Einstellungen unter <a href=\"http:\/\/twitter.com\/account\/settings\"><span style=\"color: #0066cc\">http:\/\/twitter.com\/account\/settings<\/span><\/a> \u00e4ndern.<\/p>\n<p><strong>Kontaktformular<\/strong><\/p>\n<p>Wenn Sie uns per Kontaktformular Anfragen zukommen lassen, werden Ihre Angaben aus dem Anfrageformular inklusive der von Ihnen dort angegebenen Kontaktdaten zwecks Bearbeitung der Anfrage und f\u00fcr den Fall von Anschlussfragen bei uns gespeichert. Diese Daten geben wir nicht ohne Ihre Einwilligung weiter.<\/p>\n","protected":false},"excerpt":{"rendered":"<p>Datenschutz Die Betreiber dieser Seiten nehmen den Schutz Ihrer pers\u00f6nlichen Daten sehr ernst. Wir behandeln Ihre personenbezogenen Daten vertraulich und entsprechend der gesetzlichen Datenschutzvorschriften sowie dieser Datenschutzerkl\u00e4rung. Die Nutzung unserer\u2026<\/p>\n","protected":false},"author":2,"featured_media":0,"parent":0,"menu_order":40,"comment_status":"closed","ping_status":"closed","template":"","meta":{"spay_email":""},"jetpack_shortlink":"https:\/\/wp.me\/P7IWoD-U","jetpack-related-posts":[{"id":4,"url":"https:\/\/www.olivergellert.de\/?page_id=4","url_meta":{"origin":56,"position":0},"title":"Impressum","date":"15. Juli 2016","format":false,"excerpt":"Angaben gem\u00e4\u00df \u00a7 5 TMG: Oliver GellertB\u00fcndnis 90\/ Die Gr\u00fcnen SpandauM\u00f6nchstra\u00dfe 7, 13597 BerlinTel.: 030\/224 50 995Mail: info@gruene-spandau.de Kontakt: Telefon: +49 (0) 151 23 44 97 94 Telefax: nicht vorhanden E-Mail: olivergellert@proja.de Verantwortlich f\u00fcr den Inhalt nach \u00a7 55 Abs. 2 RStV: Oliver GellertB\u00fcndnis 90\/ Die Gr\u00fcnen SpandauM\u00f6nchstra\u00dfe 7, 13597\u2026","rel":"","context":"\u00c4hnlicher Beitrag","img":{"alt_text":"","src":"","width":0,"height":0},"classes":[]},{"id":438,"url":"https:\/\/www.olivergellert.de\/","url_meta":{"origin":56,"position":1},"title":"Das Spandau der Zukunft bauen? #klargehtdas","date":"26. Mai 2021","format":false,"excerpt":"Herzlich Willkommen. \"Das Spandau der Zukunft ist klimaneutral durch energetisch sanierte Geb\u00e4ude, die Nutzung von erneuerbaren Energien, durch emmissionsarmen Verkehr und einen guten \u00d6PNV. Die \u00f6ffentlichen Pl\u00e4tze und Parks haben durch attraktive Gestaltung mit vielen schattenspendenden B\u00e4umen, Sport- und Freizeitm\u00f6glichkeiten sowie Wasserpl\u00e4tzen eine erh\u00f6hte Aufenthaltsqualit\u00e4t. In den Kiezen k\u00f6nnen alle\u2026","rel":"","context":"\u00c4hnlicher Beitrag","img":{"alt_text":"","src":"https:\/\/i0.wp.com\/www.olivergellert.de\/wp-content\/uploads\/2021\/05\/IMG_2944-scaled.jpeg?resize=350%2C200&ssl=1","width":350,"height":200},"classes":[]},{"id":707,"url":"https:\/\/www.olivergellert.de\/?page_id=707","url_meta":{"origin":56,"position":2},"title":"Credits","date":"2. Juli 2021","format":false,"excerpt":"An dieser Stelle m\u00f6chte ich einigen von vielen Menschen danken. Herzlichen Dank an: Annika f\u00fcr Deine tagt\u00e4gliche Unterst\u00fctzung, Deine jederzeit klare und ehrliche Meinung, Beratung und f\u00fcr meine T-Shirts. ;-) - ohne Dich w\u00e4re das alles nicht m\u00f6glich. Kai f\u00fcr Deine Unterst\u00fctzung bei der Homepage, dem Flyer und die unz\u00e4hligen\u2026","rel":"","context":"\u00c4hnlicher Beitrag","img":{"alt_text":"","src":"","width":0,"height":0},"classes":[]},{"id":59,"url":"https:\/\/www.olivergellert.de\/?page_id=59","url_meta":{"origin":56,"position":3},"title":"Meine Vorschl\u00e4ge #f\u00fcrSpandau","date":"16. Juli 2016","format":false,"excerpt":"Liebe Spandauerinnen und Spandauer, ich wurde von meinem Kreisverband auf Platz 2 der Wahlliste f\u00fcr die Wahlen zur Bezirksverordnetenversammlung von Spandau zum Stadtratskandidaten gew\u00e4hlt. Hierf\u00fcr m\u00f6chte ich mich ganz herzlich bedanken und auch auf diesem Weg nochmal meine Gr\u00fcnde f\u00fcr meine Bewerbung und meine Ziele #f\u00fcr Spandau benennen. Warum ich\u2026","rel":"","context":"\u00c4hnlicher Beitrag","img":{"alt_text":"","src":"","width":0,"height":0},"classes":[]},{"id":683,"url":"https:\/\/www.olivergellert.de\/?page_id=683","url_meta":{"origin":56,"position":4},"title":"Schriftlichen Anfragen an das Bezirksamt Spandau","date":"1. Juli 2021","format":false,"excerpt":"Hier finden Sie alle meine schriftlichen Anfragen, die ich in den letzten Jahren an das Bezirksamt Spandau eingereicht habe. Sie wollen mehr wissen? Dann schreiben Sie mir. 20210315 Erbrachte Leistungen im Rahmen des Jugendf\u00f6rdergesetzes 20210201 Hygienebeirat - R\u00fcckkehr zum Pr\u00e4senzunterricht? 20201214 Umsetzung von Ma\u00dfnahmen zur B\u00fcrger*innenbeteiligung 20201120 Kitaneubauten in Spandau\u2026","rel":"","context":"\u00c4hnlicher Beitrag","img":{"alt_text":"","src":"","width":0,"height":0},"classes":[]},{"id":8,"url":"https:\/\/www.olivergellert.de\/?page_id=8","url_meta":{"origin":56,"position":5},"title":"Pers\u00f6nliches","date":"15. Juli 2016","format":false,"excerpt":"Ich bin 1976 in Berlin auf die Welt gekommen und habe meine ersten Lebensjahre in Moabit und sp\u00e4ter in Heiligensee zugebracht. Die Schule habe ich mit einem Abitur beendet und im Anschluss meinen Zivildienst in einem Seniorenheim in der Pflege geleistet. Nach dem Zivildienst habe ich mit dem Studieren angefangen\u2026","rel":"","context":"\u00c4hnlicher Beitrag","img":{"alt_text":"","src":"https:\/\/i0.wp.com\/www.olivergellert.de\/wp-content\/uploads\/2021\/07\/WhatsApp-Image-2021-07-02-at-12.00.52-1.jpeg?fit=1200%2C800&ssl=1&resize=350%2C200","width":350,"height":200},"classes":[]}],"_links":{"self":[{"href":"https:\/\/www.olivergellert.de\/index.php?rest_route=\/wp\/v2\/pages\/56"}],"collection":[{"href":"https:\/\/www.olivergellert.de\/index.php?rest_route=\/wp\/v2\/pages"}],"about":[{"href":"https:\/\/www.olivergellert.de\/index.php?rest_route=\/wp\/v2\/types\/page"}],"author":[{"embeddable":true,"href":"https:\/\/www.olivergellert.de\/index.php?rest_route=\/wp\/v2\/users\/2"}],"replies":[{"embeddable":true,"href":"https:\/\/www.olivergellert.de\/index.php?rest_route=%2Fwp%2Fv2%2Fcomments&post=56"}],"version-history":[{"count":4,"href":"https:\/\/www.olivergellert.de\/index.php?rest_route=\/wp\/v2\/pages\/56\/revisions"}],"predecessor-version":[{"id":467,"href":"https:\/\/www.olivergellert.de\/index.php?rest_route=\/wp\/v2\/pages\/56\/revisions\/467"}],"wp:attachment":[{"href":"https:\/\/www.olivergellert.de\/index.php?rest_route=%2Fwp%2Fv2%2Fmedia&parent=56"}],"curies":[{"name":"wp","href":"https:\/\/api.w.org\/{rel}","templated":true}]}}