{"id":438,"date":"2021-05-26T10:43:45","date_gmt":"2021-05-26T08:43:45","guid":{"rendered":"http:\/\/www.olivergellert.de\/?page_id=438"},"modified":"2021-07-22T14:27:23","modified_gmt":"2021-07-22T12:27:23","slug":"hauptseite","status":"publish","type":"page","link":"https:\/\/www.olivergellert.de\/","title":{"rendered":"Das Spandau der Zukunft bauen? #klargehtdas"},"content":{"rendered":"\n<div class=\"wp-block-group\"><div class=\"wp-block-group__inner-container\">\n<div class=\"wp-block-columns\">\n<div class=\"wp-block-column is-vertically-aligned-center\">\n<h2 class=\"h1\" id=\"first-content\">Herzlich Willkommen.<\/h2>\n\n\n\n<div class=\"wp-block-image is-style-rounded\"><figure class=\"aligncenter size-large\"><img data-attachment-id=\"770\" data-permalink=\"https:\/\/www.olivergellert.de\/?attachment_id=770\" data-orig-file=\"https:\/\/i0.wp.com\/www.olivergellert.de\/wp-content\/uploads\/2021\/07\/20210702_Gellert_Oliver-scaled.jpeg?fit=1706%2C2560&amp;ssl=1\" data-orig-size=\"1706,2560\" data-comments-opened=\"1\" data-image-meta=\"{&quot;aperture&quot;:&quot;0&quot;,&quot;credit&quot;:&quot;&quot;,&quot;camera&quot;:&quot;&quot;,&quot;caption&quot;:&quot;&quot;,&quot;created_timestamp&quot;:&quot;0&quot;,&quot;copyright&quot;:&quot;&quot;,&quot;focal_length&quot;:&quot;0&quot;,&quot;iso&quot;:&quot;0&quot;,&quot;shutter_speed&quot;:&quot;0&quot;,&quot;title&quot;:&quot;&quot;,&quot;orientation&quot;:&quot;0&quot;}\" data-image-title=\"20210702_Gellert_Oliver\" data-image-description=\"\" data-image-caption=\"\" data-medium-file=\"https:\/\/i0.wp.com\/www.olivergellert.de\/wp-content\/uploads\/2021\/07\/20210702_Gellert_Oliver-scaled.jpeg?fit=200%2C300&amp;ssl=1\" data-large-file=\"https:\/\/i0.wp.com\/www.olivergellert.de\/wp-content\/uploads\/2021\/07\/20210702_Gellert_Oliver-scaled.jpeg?fit=640%2C960&amp;ssl=1\" loading=\"lazy\" width=\"640\" height=\"960\" src=\"https:\/\/i0.wp.com\/www.olivergellert.de\/wp-content\/uploads\/2021\/07\/20210702_Gellert_Oliver.jpeg?resize=640%2C960\" alt=\"\" class=\"wp-image-770\" srcset=\"https:\/\/i0.wp.com\/www.olivergellert.de\/wp-content\/uploads\/2021\/07\/20210702_Gellert_Oliver-scaled.jpeg?resize=683%2C1024&amp;ssl=1 683w, https:\/\/i0.wp.com\/www.olivergellert.de\/wp-content\/uploads\/2021\/07\/20210702_Gellert_Oliver-scaled.jpeg?resize=200%2C300&amp;ssl=1 200w, https:\/\/i0.wp.com\/www.olivergellert.de\/wp-content\/uploads\/2021\/07\/20210702_Gellert_Oliver-scaled.jpeg?resize=768%2C1152&amp;ssl=1 768w, https:\/\/i0.wp.com\/www.olivergellert.de\/wp-content\/uploads\/2021\/07\/20210702_Gellert_Oliver-scaled.jpeg?resize=1024%2C1536&amp;ssl=1 1024w, https:\/\/i0.wp.com\/www.olivergellert.de\/wp-content\/uploads\/2021\/07\/20210702_Gellert_Oliver-scaled.jpeg?resize=1365%2C2048&amp;ssl=1 1365w, https:\/\/i0.wp.com\/www.olivergellert.de\/wp-content\/uploads\/2021\/07\/20210702_Gellert_Oliver-scaled.jpeg?w=1706&amp;ssl=1 1706w, https:\/\/i0.wp.com\/www.olivergellert.de\/wp-content\/uploads\/2021\/07\/20210702_Gellert_Oliver-scaled.jpeg?w=1280 1280w\" sizes=\"(max-width: 640px) 100vw, 640px\" data-recalc-dims=\"1\" \/><\/figure><\/div>\n\n\n\n<p class=\"has-text-align-left\">&#8222;<em>Das Spandau der Zukunft ist klimaneutral durch energetisch sanierte Geb\u00e4ude, die Nutzung von erneuerbaren Energien, durch emmissionsarmen Verkehr und einen guten \u00d6PNV. Die \u00f6ffentlichen Pl\u00e4tze und Parks haben durch attraktive Gestaltung mit vielen schattenspendenden B\u00e4umen, Sport- und Freizeitm\u00f6glichkeiten sowie Wasserpl\u00e4tzen eine erh\u00f6hte Aufenthaltsqualit\u00e4t. In den Kiezen k\u00f6nnen alle Bedarfe des t\u00e4glichen Lebens fussl\u00e4ufig gedeckt werden und es gibt neben attraktiver Gastronomie auch Jugendfreizeit- und Senior*innenfreizeiteinirchtungen sowie Stadtteil- und Familienzentren und eine gute medizinische Grundausstattung. Dort wo m\u00f6glich wurden Fl\u00e4chen entsiegelt und zu gr\u00fcnen Aufenthaltsorten f\u00fcr alle umgestaltet.<\/em>&#8222;<\/p>\n<\/div>\n\n\n\n<div class=\"wp-block-column\">\n<p>Liebe Spandauerinnen und Spandauer, liebe Mitmenschen,  <\/p>\n\n\n\n<p>auf dieser Seite m\u00f6chte ich meine politischen Aktivit\u00e4ten in und f\u00fcr Spandau vorstellen und mit euch teilen. Ihr findet hier eine Auswahl der Themen die mich in den letzten Jahren in der Bezirksverordnetenversammlung (BVV) &#8211; Spandau bewegt haben und meine Ideen f\u00fcr die Zukunft.<\/p>\n\n\n\n<p>Einige von euch haben mit ihren Stimmen f\u00fcr B\u00fcndnis&#8217;90\/Die Gr\u00fcnen vor knapp 5 Jahren daf\u00fcr gesorgt, dass ich Teil der BVV &#8211; Spandau geworden bin und mich so praktisch und gestalterisch f\u00fcr die Interessen der Spandauer*innen, also euch, einbringen kann und darf. Hierf\u00fcr bin ich nach wie vor sehr dankbar und gehe der mir von euch gegeben Verantwortung, seit Anfang an, gerne, neben meinem Hauptberuf als Gesch\u00e4ftsf\u00fchrer eines Jugendverbandes, nach. <\/p>\n\n\n\n<p>In den letzten Jahren habe ich durch viele Gespr\u00e4che und die Arbeit in der BVV, durch die Zusammenarbeit mit den Kolleg*innen aus dem Abgeordnetenhaus und den Senatsverwaltungen viele Erfahrungen und neue Eindr\u00fccke sammeln k\u00f6nnen.<\/p>\n\n\n\n<p>Spandau ist ein toller Bezirk mit riesigen M\u00f6glichkeiten und tollen Menschen und diese tollen Menschen, also ihr, liebe Spandauer*innen, habt es verdient, dass wir weiter an und f\u00fcr unseren Bezirk arbeiten und ihn noch lebenswerter und liebenswerter f\u00fcr alle Spandauer*innen machen.<\/p>\n\n\n\n<p>Mehr dazu findet ihr auf den weiteren Seiten.<\/p>\n\n\n\n<p>Viele Vergn\u00fcgen beim Lesen und viele herzliche Gr\u00fc\u00dfe<\/p>\n\n\n\n<p>Oliver Gellert<\/p>\n<\/div>\n<\/div>\n<\/div><\/div>\n\n\n\n<div class=\"wp-block-group same-height has-white-background-color has-background\"><div class=\"wp-block-group__inner-container\">\n<h2 class=\"has-text-align-center h1\">Das Spandau der Zukunft<\/h2>\n\n\n\n<div class=\"wp-block-columns\">\n<div class=\"wp-block-column\">\n<figure class=\"wp-block-image size-large is-resized is-style-rounded\"><img data-attachment-id=\"210\" data-permalink=\"https:\/\/www.olivergellert.de\/?attachment_id=210\" data-orig-file=\"https:\/\/i0.wp.com\/www.olivergellert.de\/wp-content\/uploads\/2016\/09\/img_8133.jpg?fit=1600%2C1200&amp;ssl=1\" data-orig-size=\"1600,1200\" data-comments-opened=\"1\" data-image-meta=\"{&quot;aperture&quot;:&quot;0&quot;,&quot;credit&quot;:&quot;&quot;,&quot;camera&quot;:&quot;&quot;,&quot;caption&quot;:&quot;&quot;,&quot;created_timestamp&quot;:&quot;0&quot;,&quot;copyright&quot;:&quot;&quot;,&quot;focal_length&quot;:&quot;0&quot;,&quot;iso&quot;:&quot;0&quot;,&quot;shutter_speed&quot;:&quot;0&quot;,&quot;title&quot;:&quot;&quot;,&quot;orientation&quot;:&quot;1&quot;}\" data-image-title=\"img_8133.jpg\" data-image-description=\"\" data-image-caption=\"\" data-medium-file=\"https:\/\/i0.wp.com\/www.olivergellert.de\/wp-content\/uploads\/2016\/09\/img_8133.jpg?fit=300%2C225&amp;ssl=1\" data-large-file=\"https:\/\/i0.wp.com\/www.olivergellert.de\/wp-content\/uploads\/2016\/09\/img_8133.jpg?fit=640%2C480&amp;ssl=1\" loading=\"lazy\" src=\"https:\/\/i0.wp.com\/www.olivergellert.de\/wp-content\/uploads\/2016\/09\/img_8133.jpg?resize=244%2C182\" alt=\"\" class=\"wp-image-210\" width=\"244\" height=\"182\" srcset=\"https:\/\/i0.wp.com\/www.olivergellert.de\/wp-content\/uploads\/2016\/09\/img_8133.jpg?resize=1024%2C768&amp;ssl=1 1024w, https:\/\/i0.wp.com\/www.olivergellert.de\/wp-content\/uploads\/2016\/09\/img_8133.jpg?resize=300%2C225&amp;ssl=1 300w, https:\/\/i0.wp.com\/www.olivergellert.de\/wp-content\/uploads\/2016\/09\/img_8133.jpg?resize=768%2C576&amp;ssl=1 768w, https:\/\/i0.wp.com\/www.olivergellert.de\/wp-content\/uploads\/2016\/09\/img_8133.jpg?resize=676%2C507&amp;ssl=1 676w, https:\/\/i0.wp.com\/www.olivergellert.de\/wp-content\/uploads\/2016\/09\/img_8133.jpg?w=1600&amp;ssl=1 1600w, https:\/\/i0.wp.com\/www.olivergellert.de\/wp-content\/uploads\/2016\/09\/img_8133.jpg?w=1280 1280w\" sizes=\"(max-width: 244px) 100vw, 244px\" data-recalc-dims=\"1\" \/><\/figure>\n\n\n\n<h4 class=\"h2 mt-4 has-green-color has-text-color\"><strong>mehr Platz f\u00fcr alle<\/strong><\/h4>\n\n\n\n<p>Mehr Platz f\u00fcr alle hei\u00dft, dass wir die Fl\u00e4chen, die wir haben gerechter unter allen verteilen. Weniger Autofl\u00e4che, daf\u00fcr mehr \u00d6PNV, Fuss- und Radverkehr. Mehr gr\u00fcn und Platz zum Leben und Spielen, statt Beton und Versiegelung.<\/p>\n<\/div>\n\n\n\n<div class=\"wp-block-column\">\n<figure class=\"wp-block-image size-large is-resized is-style-rounded\"><img data-attachment-id=\"616\" data-permalink=\"https:\/\/www.olivergellert.de\/?attachment_id=616\" data-orig-file=\"https:\/\/i0.wp.com\/www.olivergellert.de\/wp-content\/uploads\/2021\/06\/IMG_4140_b-2.jpg?fit=425%2C319&amp;ssl=1\" data-orig-size=\"425,319\" data-comments-opened=\"1\" data-image-meta=\"{&quot;aperture&quot;:&quot;1.8&quot;,&quot;credit&quot;:&quot;&quot;,&quot;camera&quot;:&quot;iPhone XS&quot;,&quot;caption&quot;:&quot;&quot;,&quot;created_timestamp&quot;:&quot;1623670086&quot;,&quot;copyright&quot;:&quot;&quot;,&quot;focal_length&quot;:&quot;4.25&quot;,&quot;iso&quot;:&quot;25&quot;,&quot;shutter_speed&quot;:&quot;0.00095877277085331&quot;,&quot;title&quot;:&quot;&quot;,&quot;orientation&quot;:&quot;1&quot;}\" data-image-title=\"IMG_4140_b-2\" data-image-description=\"\" data-image-caption=\"\" data-medium-file=\"https:\/\/i0.wp.com\/www.olivergellert.de\/wp-content\/uploads\/2021\/06\/IMG_4140_b-2.jpg?fit=300%2C225&amp;ssl=1\" data-large-file=\"https:\/\/i0.wp.com\/www.olivergellert.de\/wp-content\/uploads\/2021\/06\/IMG_4140_b-2.jpg?fit=425%2C319&amp;ssl=1\" loading=\"lazy\" src=\"https:\/\/i0.wp.com\/www.olivergellert.de\/wp-content\/uploads\/2021\/06\/IMG_4140_b-2.jpg?resize=253%2C189\" alt=\"\" class=\"wp-image-616\" width=\"253\" height=\"189\" srcset=\"https:\/\/i0.wp.com\/www.olivergellert.de\/wp-content\/uploads\/2021\/06\/IMG_4140_b-2.jpg?w=425&amp;ssl=1 425w, https:\/\/i0.wp.com\/www.olivergellert.de\/wp-content\/uploads\/2021\/06\/IMG_4140_b-2.jpg?resize=300%2C225&amp;ssl=1 300w\" sizes=\"(max-width: 253px) 100vw, 253px\" data-recalc-dims=\"1\" \/><\/figure>\n\n\n\n<h4 class=\"h2 mt-4 has-green-color has-text-color\"><strong>mehr Lebensqualit\u00e4t in Spandau<\/strong><\/h4>\n\n\n\n<p>Parks sollen mehr Aufenthaltsqualit\u00e4t bekommen, die Kieze bieten alles was gebraucht wird, fussl\u00e4ufig an. Dar\u00fcber hinaus gibt eine gute medizinische, soziale und Freizeit Infrastruktur.<\/p>\n<\/div>\n\n\n\n<div class=\"wp-block-column\">\n<figure class=\"wp-block-image size-large is-resized is-style-rounded\"><img data-attachment-id=\"780\" data-permalink=\"https:\/\/www.olivergellert.de\/?attachment_id=780\" data-orig-file=\"https:\/\/i0.wp.com\/www.olivergellert.de\/wp-content\/uploads\/2021\/07\/Olli-Bruecke.jpg?fit=591%2C394&amp;ssl=1\" data-orig-size=\"591,394\" data-comments-opened=\"1\" data-image-meta=\"{&quot;aperture&quot;:&quot;4&quot;,&quot;credit&quot;:&quot;Paul-Philipp Braun&quot;,&quot;camera&quot;:&quot;Canon EOS 5D Mark III&quot;,&quot;caption&quot;:&quot;&quot;,&quot;created_timestamp&quot;:&quot;1622556870&quot;,&quot;copyright&quot;:&quot;ppbraun.de&quot;,&quot;focal_length&quot;:&quot;85&quot;,&quot;iso&quot;:&quot;100&quot;,&quot;shutter_speed&quot;:&quot;0.003125&quot;,&quot;title&quot;:&quot;&quot;,&quot;orientation&quot;:&quot;1&quot;}\" data-image-title=\"Olli Br\u00fccke\" data-image-description=\"\" data-image-caption=\"\" data-medium-file=\"https:\/\/i0.wp.com\/www.olivergellert.de\/wp-content\/uploads\/2021\/07\/Olli-Bruecke.jpg?fit=300%2C200&amp;ssl=1\" data-large-file=\"https:\/\/i0.wp.com\/www.olivergellert.de\/wp-content\/uploads\/2021\/07\/Olli-Bruecke.jpg?fit=591%2C394&amp;ssl=1\" loading=\"lazy\" src=\"https:\/\/i0.wp.com\/www.olivergellert.de\/wp-content\/uploads\/2021\/07\/Olli-Bruecke.jpg?resize=257%2C171\" alt=\"\" class=\"wp-image-780\" width=\"257\" height=\"171\" srcset=\"https:\/\/i0.wp.com\/www.olivergellert.de\/wp-content\/uploads\/2021\/07\/Olli-Bruecke.jpg?w=591&amp;ssl=1 591w, https:\/\/i0.wp.com\/www.olivergellert.de\/wp-content\/uploads\/2021\/07\/Olli-Bruecke.jpg?resize=300%2C200&amp;ssl=1 300w\" sizes=\"(max-width: 257px) 100vw, 257px\" data-recalc-dims=\"1\" \/><\/figure>\n\n\n\n<h4 class=\"h2 mt-4 has-green-color has-text-color\">mehr Miteinander <\/h4>\n\n\n\n<p>Spandau ist bunt und weltoffen. Durch Stadtteil-, Familien-, Jugendfreizeit- und Senior*innenfreizeitzentren in allen Bezirksteilen gibt es Orte des Austausches und des Gemeinwesens an dem das Miteinander noch st\u00e4rker wachsen und gelebt werden kann.<\/p>\n<\/div>\n<\/div>\n\n\n\n<div class=\"wp-block-columns\">\n<div class=\"wp-block-column\" style=\"flex-basis:100%\">\n<div class=\"wp-block-columns\">\n<div class=\"wp-block-column\">\n<p class=\"has-green-color has-text-color has-medium-font-size\"><strong>Mobilit\u00e4tswende statt Stau<\/strong><\/p>\n\n\n\n<p>Spandau braucht mehr Platz, mehr Platz f\u00fcr den \u00d6ffentlichen Personennahverkehr (\u00d6PNV), mehr Platz f\u00fcr Radfahrende und mehr Platz f\u00fcr Fussgehende. Wir haben den Platz, wir m\u00fcssen ihn nur anders nutzen. F\u00fcr den Anfang braucht Spandau Busspuren bis das Tramnetz aufgebaut ist und im Idealfall die vorherigen Busspuren nutzt. Zus\u00e4tzlich wollen wir sichere Radverkehrsverbindungen zu den \u00d6PNV-Knotenpunkten schaffen und dem Fussverkehr mehr Sicherheit und Platz geben, z.B. durch l\u00e4ngere Ampelphasen, bauliche Ver\u00e4nderungen in den Wohnkiezen an den zugeparkten Ecken und der Trennung von Rad- und Fussverkehr.<\/p>\n<\/div>\n<\/div>\n<\/div>\n<\/div>\n\n\n\n<p><\/p>\n<\/div><\/div>\n\n\n\n<div class=\"wp-block-columns\">\n<div class=\"wp-block-column\">\n<figure class=\"wp-block-image size-large is-resized is-style-rounded\"><img data-attachment-id=\"418\" data-permalink=\"https:\/\/www.olivergellert.de\/?attachment_id=418\" data-orig-file=\"https:\/\/i0.wp.com\/www.olivergellert.de\/wp-content\/uploads\/2021\/05\/IMG_2944-scaled.jpeg?fit=2560%2C1950&amp;ssl=1\" data-orig-size=\"2560,1950\" data-comments-opened=\"1\" data-image-meta=\"{&quot;aperture&quot;:&quot;1.8&quot;,&quot;credit&quot;:&quot;&quot;,&quot;camera&quot;:&quot;iPhone XS&quot;,&quot;caption&quot;:&quot;&quot;,&quot;created_timestamp&quot;:&quot;1616325011&quot;,&quot;copyright&quot;:&quot;&quot;,&quot;focal_length&quot;:&quot;4.25&quot;,&quot;iso&quot;:&quot;200&quot;,&quot;shutter_speed&quot;:&quot;0.019607843137255&quot;,&quot;title&quot;:&quot;&quot;,&quot;orientation&quot;:&quot;1&quot;}\" data-image-title=\"IMG_2944\" data-image-description=\"\" data-image-caption=\"\" data-medium-file=\"https:\/\/i0.wp.com\/www.olivergellert.de\/wp-content\/uploads\/2021\/05\/IMG_2944-scaled.jpeg?fit=300%2C229&amp;ssl=1\" data-large-file=\"https:\/\/i0.wp.com\/www.olivergellert.de\/wp-content\/uploads\/2021\/05\/IMG_2944-scaled.jpeg?fit=640%2C488&amp;ssl=1\" loading=\"lazy\" src=\"https:\/\/i0.wp.com\/www.olivergellert.de\/wp-content\/uploads\/2021\/05\/IMG_2944.jpeg?resize=358%2C272\" alt=\"\" class=\"wp-image-418\" width=\"358\" height=\"272\" srcset=\"https:\/\/i0.wp.com\/www.olivergellert.de\/wp-content\/uploads\/2021\/05\/IMG_2944-scaled.jpeg?resize=1024%2C780&amp;ssl=1 1024w, https:\/\/i0.wp.com\/www.olivergellert.de\/wp-content\/uploads\/2021\/05\/IMG_2944-scaled.jpeg?resize=300%2C229&amp;ssl=1 300w, https:\/\/i0.wp.com\/www.olivergellert.de\/wp-content\/uploads\/2021\/05\/IMG_2944-scaled.jpeg?resize=768%2C585&amp;ssl=1 768w, https:\/\/i0.wp.com\/www.olivergellert.de\/wp-content\/uploads\/2021\/05\/IMG_2944-scaled.jpeg?resize=1536%2C1170&amp;ssl=1 1536w, https:\/\/i0.wp.com\/www.olivergellert.de\/wp-content\/uploads\/2021\/05\/IMG_2944-scaled.jpeg?resize=2048%2C1560&amp;ssl=1 2048w, https:\/\/i0.wp.com\/www.olivergellert.de\/wp-content\/uploads\/2021\/05\/IMG_2944-scaled.jpeg?w=1280 1280w, https:\/\/i0.wp.com\/www.olivergellert.de\/wp-content\/uploads\/2021\/05\/IMG_2944-scaled.jpeg?w=1920 1920w\" sizes=\"(max-width: 358px) 100vw, 358px\" data-recalc-dims=\"1\" \/><\/figure>\n<\/div>\n\n\n\n<div class=\"wp-block-column is-vertically-aligned-center\">\n<h2 class=\"h1 has-green-color has-text-color\">Meine Vorschl\u00e4ge #f\u00fcrSpandau<\/h2>\n\n\n\n<p>Spandau ist ein toller Bezirk mit tollen Menschen, aber ich denke, dass da noch einiges machbar ist um Spandau noch lebenswerter und liebenswerter zu machen.<br>Mehr zu meinen W\u00fcnschen und Zielen f\u00fcr Spandau, finden Sie <a href=\"http:\/\/www.olivergellert.de\/?page_id=59\" target=\"_blank\" rel=\"noreferrer noopener\">hier.<\/a><\/p>\n<\/div>\n<\/div>\n\n\n\n<div class=\"wp-block-columns\">\n<div class=\"wp-block-column\" style=\"flex-basis:100%\">\n<div class=\"wp-block-columns\">\n<div class=\"wp-block-column\" style=\"flex-basis:100%\">\n<div class=\"wp-block-group\"><div class=\"wp-block-group__inner-container\"><div class=\"wp-block-group__inner-container\"> <div class=\"wp-block-group has-background latest-posts \">\n                        <div class=\"wp-block-group__inner-container\">\n                            \n                        <div class=\"row\"><div class=\"col-12 col-md-6\">\n<article id=\"post-664\" class=\"bg-white mb-4 has-shadow post-664 post type-post status-publish format-standard hentry category-service\">\n    <div class=\"\">\n        <div class=\"\">\n            <a href=\"https:\/\/www.olivergellert.de\/?p=664\" rel=\"bookmark\">\n                            <\/a>\n        <\/div>\n        <div class=\"p-45\">\n            <header class=\"entry-header mb-2\">\n                                <h2 class=\"card-title h4 mb-3\"><a href=\"https:\/\/www.olivergellert.de\/?p=664\" rel=\"bookmark\">Sie haben Fragen oder Anliegen?<\/a><\/h2>                    <div class=\"entry-meta mb-3\">\n                        <span class=\"posted-on\"><time class=\"entry-date published\" datetime=\"2021-06-30T14:52:52+02:00\">30. Juni 2021<\/time><time class=\"updated\" datetime=\"2021-07-02T14:19:52+02:00\">2. Juli 2021<\/time><\/span>                    <\/div><!-- .entry-meta -->\n                            <\/header><!-- .entry-header -->      \n\n            <div class=\"entry-content\">\n                <a href=\"https:\/\/www.olivergellert.de\/?p=664\" rel=\"bookmark\">\n                <p>Lassen Sie es mich wissen und ich versuche zu helfen. Schreiben Sie mir einfach oder kommen Sie zur B\u00fcrger*innen-Sprechstunde oder zu einer anderen Veranstaltung Kontakt Herzlichst, Oliver Gellert<\/p>\n                <\/a>\n            <\/div><!-- .entry-content -->\n\n            <footer class=\"entry-footer\">\n                \t\t\t<div class=\"d-flex mt-2 mb-2\">\n\t\t\t\t\t\t\t\t<div>\n\t\t<span class=\"cat-links small\"><a href=\"https:\/\/www.olivergellert.de\/?cat=4\" rel=\"category\">Service<\/a><\/span>\t\t\t\t<\/div>\n\t\t\t<\/div>\n\t\t<div> \n\n\t\t\n                <div class=\"d-flex flex-row-reverse\">\n                    <a href=\"https:\/\/www.olivergellert.de\/?p=664\" rel=\"bookmark\" class=\"continue-reading\">\n                    weiterlesen                <\/a>\n                <\/div>\n            <\/footer><!-- .entry-footer -->\n        <\/div>\n    <\/div>\n<\/article><!-- #post-664 -->\n<div class=\"d-md-none\">\n<article id=\"post-487\" class=\"bg-white mb-4 has-shadow post-487 post type-post status-publish format-standard hentry category-allgemeines\">\n    <div class=\"\">\n        <div class=\"\">\n            <a href=\"https:\/\/www.olivergellert.de\/?p=487\" rel=\"bookmark\">\n                            <\/a>\n        <\/div>\n        <div class=\"p-45\">\n            <header class=\"entry-header mb-2\">\n                                <h2 class=\"card-title h4 mb-3\"><a href=\"https:\/\/www.olivergellert.de\/?p=487\" rel=\"bookmark\">Politisches Handeln in der Bezirksverordnetenversammlung Spandau<\/a><\/h2>                    <div class=\"entry-meta mb-3\">\n                        <span class=\"posted-on\"><time class=\"entry-date published\" datetime=\"2021-05-28T08:53:18+02:00\">28. Mai 2021<\/time><time class=\"updated\" datetime=\"2021-07-02T14:17:20+02:00\">2. Juli 2021<\/time><\/span>                    <\/div><!-- .entry-meta -->\n                            <\/header><!-- .entry-header -->      \n\n            <div class=\"entry-content\">\n                <a href=\"https:\/\/www.olivergellert.de\/?p=487\" rel=\"bookmark\">\n                <p>In den letzten f\u00fcnf Jahren haben die Fraktion von B\u00fcndnis&#8217;90\/Die Gr\u00fcnen in der BVV-Spandau und ich verschiedene Antr\u00e4ge und Anfragen eingereicht hier\u00fcber m\u00f6chte ich euch hier informieren. Schriftliche Anfragen an\u2026<\/p>\n                <\/a>\n            <\/div><!-- .entry-content -->\n\n            <footer class=\"entry-footer\">\n                \t\t\t<div class=\"d-flex mt-2 mb-2\">\n\t\t\t\t\t\t\t\t<div>\n\t\t<span class=\"cat-links small\"><a href=\"https:\/\/www.olivergellert.de\/?cat=1\" rel=\"category\">Allgemeines<\/a><\/span>\t\t\t\t<\/div>\n\t\t\t<\/div>\n\t\t<div> \n\n\t\t\n                <div class=\"d-flex flex-row-reverse\">\n                    <a href=\"https:\/\/www.olivergellert.de\/?p=487\" rel=\"bookmark\" class=\"continue-reading\">\n                    weiterlesen                <\/a>\n                <\/div>\n            <\/footer><!-- .entry-footer -->\n        <\/div>\n    <\/div>\n<\/article><!-- #post-487 -->\n<\/div>\n                    <a class=\"text-white no-link d-block d-md-none bg-primary has-green-550-hover-background-color border-radius\" href=\"https:\/\/www.olivergellert.de\/?cat=1\" rel=\"\">\n                        <div class=\"p-45 row \">\n                        <span class=\"continue-reading text-white text-center pt-0\">Zum Blog-Archiv<\/span>\n                        <\/div>\n                    <\/a>\n                <\/div><div class=\"d-none d-md-block col-md-6\">\n<article id=\"post-487\" class=\"bg-white mb-4 has-shadow post-487 post type-post status-publish format-standard hentry category-allgemeines\">\n    <div class=\"\">\n        <div class=\"\">\n            <a href=\"https:\/\/www.olivergellert.de\/?p=487\" rel=\"bookmark\">\n                            <\/a>\n        <\/div>\n        <div class=\"p-45\">\n            <header class=\"entry-header mb-2\">\n                                <h2 class=\"card-title h4 mb-3\"><a href=\"https:\/\/www.olivergellert.de\/?p=487\" rel=\"bookmark\">Politisches Handeln in der Bezirksverordnetenversammlung Spandau<\/a><\/h2>                    <div class=\"entry-meta mb-3\">\n                        <span class=\"posted-on\"><time class=\"entry-date published\" datetime=\"2021-05-28T08:53:18+02:00\">28. Mai 2021<\/time><time class=\"updated\" datetime=\"2021-07-02T14:17:20+02:00\">2. Juli 2021<\/time><\/span>                    <\/div><!-- .entry-meta -->\n                            <\/header><!-- .entry-header -->      \n\n            <div class=\"entry-content\">\n                <a href=\"https:\/\/www.olivergellert.de\/?p=487\" rel=\"bookmark\">\n                <p>In den letzten f\u00fcnf Jahren haben die Fraktion von B\u00fcndnis&#8217;90\/Die Gr\u00fcnen in der BVV-Spandau und ich verschiedene Antr\u00e4ge und Anfragen eingereicht hier\u00fcber m\u00f6chte ich euch hier informieren. Schriftliche Anfragen an\u2026<\/p>\n                <\/a>\n            <\/div><!-- .entry-content -->\n\n            <footer class=\"entry-footer\">\n                \t\t\t<div class=\"d-flex mt-2 mb-2\">\n\t\t\t\t\t\t\t\t<div>\n\t\t<span class=\"cat-links small\"><a href=\"https:\/\/www.olivergellert.de\/?cat=1\" rel=\"category\">Allgemeines<\/a><\/span>\t\t\t\t<\/div>\n\t\t\t<\/div>\n\t\t<div> \n\n\t\t\n                <div class=\"d-flex flex-row-reverse\">\n                    <a href=\"https:\/\/www.olivergellert.de\/?p=487\" rel=\"bookmark\" class=\"continue-reading\">\n                    weiterlesen                <\/a>\n                <\/div>\n            <\/footer><!-- .entry-footer -->\n        <\/div>\n    <\/div>\n<\/article><!-- #post-487 -->\n\n            <a class=\"text-white no-link d-block bg-primary has-green-550-hover-background-color border-radius\" href=\"https:\/\/www.olivergellert.de\/?cat=1\" rel=\"\">\n                <div class=\"p-45 row \">\n                <span class=\"continue-reading text-white text-center pt-0\">Zum Blog-Archiv<\/span>\n                <\/div>\n            <\/a>\n        <\/div><\/div><\/div><\/div><\/div><\/div><\/div>\n<\/div>\n<\/div>\n<\/div>\n<\/div>\n\n\n\n<div class=\"wp-block-group has-text-color has-background\" style=\"background-color:#163c29;color:#ffffff\"><div class=\"wp-block-group__inner-container\">\n<h2 class=\"has-text-align-center h1\">Die Gr\u00fcnen in Spandau, in Berlin &amp; im Bundesgebiet<\/h2>\n\n\n\n<p class=\"has-text-align-center\"><\/p>\n\n\n\n<div class=\"wp-block-buttons is-content-justification-center\">\n<div class=\"wp-block-button\"><a class=\"wp-block-button__link\" href=\"https:\/\/www.gruene-spandau.de\/bvv-fraktion\/\" style=\"border-radius:50px\" target=\"_blank\" rel=\"noreferrer noopener\">Gr\u00fcne Spandau<\/a><\/div>\n\n\n\n<div class=\"wp-block-button\"><a class=\"wp-block-button__link\" href=\"https:\/\/gruene.berlin\/\" style=\"border-radius:50px\" target=\"_blank\" rel=\"noreferrer noopener\">Gr\u00fcne Berlin<\/a><\/div>\n\n\n\n<div class=\"wp-block-button is-style-fill\"><a class=\"wp-block-button__link has-white-color has-text-color\" href=\"https:\/\/www.gruene.de\" style=\"border-radius:50px\" target=\"_blank\" rel=\"noreferrer noopener\">Bundespartei<\/a><\/div>\n\n\n\n<div class=\"wp-block-button is-style-fill\"><a class=\"wp-block-button__link has-white-color has-text-color\" href=\"https:\/\/bettina-jarasch.de\/\" style=\"border-radius:50px\" target=\"_blank\" rel=\"noreferrer noopener\">Bettina Jarasch<\/a><\/div>\n\n\n\n<div class=\"wp-block-button is-style-fill\"><a class=\"wp-block-button__link\" href=\"https:\/\/annalena-baerbock.de\/\" style=\"border-radius:50px\">Annalena Baerbock<\/a><\/div>\n<\/div>\n\n\n\n<p><\/p>\n<\/div><\/div>\n\n\n\n<p><\/p>\n","protected":false},"excerpt":{"rendered":"<p>Herzlich Willkommen. &#8222;Das Spandau der Zukunft ist klimaneutral durch energetisch sanierte Geb\u00e4ude, die Nutzung von erneuerbaren Energien, durch emmissionsarmen Verkehr und einen guten \u00d6PNV. Die \u00f6ffentlichen Pl\u00e4tze und Parks haben\u2026<\/p>\n","protected":false},"author":1,"featured_media":0,"parent":0,"menu_order":0,"comment_status":"closed","ping_status":"closed","template":"","meta":{"spay_email":""},"jetpack_shortlink":"https:\/\/wp.me\/P7IWoD-74","jetpack-related-posts":[{"id":683,"url":"https:\/\/www.olivergellert.de\/?page_id=683","url_meta":{"origin":438,"position":0},"title":"Schriftlichen Anfragen an das Bezirksamt Spandau","date":"1. Juli 2021","format":false,"excerpt":"Hier finden Sie alle meine schriftlichen Anfragen, die ich in den letzten Jahren an das Bezirksamt Spandau eingereicht habe. Sie wollen mehr wissen? Dann schreiben Sie mir. 20210315 Erbrachte Leistungen im Rahmen des Jugendf\u00f6rdergesetzes 20210201 Hygienebeirat - R\u00fcckkehr zum Pr\u00e4senzunterricht? 20201214 Umsetzung von Ma\u00dfnahmen zur B\u00fcrger*innenbeteiligung 20201120 Kitaneubauten in Spandau\u2026","rel":"","context":"\u00c4hnlicher Beitrag","img":{"alt_text":"","src":"","width":0,"height":0},"classes":[]},{"id":59,"url":"https:\/\/www.olivergellert.de\/?page_id=59","url_meta":{"origin":438,"position":1},"title":"Meine Vorschl\u00e4ge #f\u00fcrSpandau","date":"16. Juli 2016","format":false,"excerpt":"Liebe Spandauerinnen und Spandauer, ich wurde von meinem Kreisverband auf Platz 2 der Wahlliste f\u00fcr die Wahlen zur Bezirksverordnetenversammlung von Spandau zum Stadtratskandidaten gew\u00e4hlt. Hierf\u00fcr m\u00f6chte ich mich ganz herzlich bedanken und auch auf diesem Weg nochmal meine Gr\u00fcnde f\u00fcr meine Bewerbung und meine Ziele #f\u00fcr Spandau benennen. Warum ich\u2026","rel":"","context":"\u00c4hnlicher Beitrag","img":{"alt_text":"","src":"","width":0,"height":0},"classes":[]},{"id":56,"url":"https:\/\/www.olivergellert.de\/?page_id=56","url_meta":{"origin":438,"position":2},"title":"Datenschutzerkl\u00e4rung","date":"16. Juli 2016","format":false,"excerpt":"Datenschutz Die Betreiber dieser Seiten nehmen den Schutz Ihrer pers\u00f6nlichen Daten sehr ernst. Wir behandeln Ihre personenbezogenen Daten vertraulich und entsprechend der gesetzlichen Datenschutzvorschriften sowie dieser Datenschutzerkl\u00e4rung. Die Nutzung unserer Webseite ist in der Regel ohne Angabe personenbezogener Daten m\u00f6glich. Soweit auf unseren Seiten personenbezogene Daten (beispielsweise Name, Anschrift oder\u2026","rel":"","context":"\u00c4hnlicher Beitrag","img":{"alt_text":"","src":"","width":0,"height":0},"classes":[]},{"id":90,"url":"https:\/\/www.olivergellert.de\/?page_id=90","url_meta":{"origin":438,"position":3},"title":"Kontakt","date":"26. Juli 2016","format":false,"excerpt":"Sie erreichen mich \u00fcber: Mail: oliver.gellert@gruene-spandau.de Post: B\u00fcndnis 90 \/ Die Gr\u00fcnen Spandau - c\/o Oliver Gellert - M\u00f6nchstr. 7 - 13597 Berlin Phone: +49 151\/23 44 97 94 Folgen Sie mir unter: Facebook: \/Olli.Gellert Twitter: @OliverGellert Instagram: oliver.gellert","rel":"","context":"\u00c4hnlicher Beitrag","img":{"alt_text":"","src":"","width":0,"height":0},"classes":[]},{"id":4,"url":"https:\/\/www.olivergellert.de\/?page_id=4","url_meta":{"origin":438,"position":4},"title":"Impressum","date":"15. Juli 2016","format":false,"excerpt":"Angaben gem\u00e4\u00df \u00a7 5 TMG: Oliver GellertB\u00fcndnis 90\/ Die Gr\u00fcnen SpandauM\u00f6nchstra\u00dfe 7, 13597 BerlinTel.: 030\/224 50 995Mail: info@gruene-spandau.de Kontakt: Telefon: +49 (0) 151 23 44 97 94 Telefax: nicht vorhanden E-Mail: olivergellert@proja.de Verantwortlich f\u00fcr den Inhalt nach \u00a7 55 Abs. 2 RStV: Oliver GellertB\u00fcndnis 90\/ Die Gr\u00fcnen SpandauM\u00f6nchstra\u00dfe 7, 13597\u2026","rel":"","context":"\u00c4hnlicher Beitrag","img":{"alt_text":"","src":"","width":0,"height":0},"classes":[]},{"id":707,"url":"https:\/\/www.olivergellert.de\/?page_id=707","url_meta":{"origin":438,"position":5},"title":"Credits","date":"2. Juli 2021","format":false,"excerpt":"An dieser Stelle m\u00f6chte ich einigen von vielen Menschen danken. Herzlichen Dank an: Annika f\u00fcr Deine tagt\u00e4gliche Unterst\u00fctzung, Deine jederzeit klare und ehrliche Meinung, Beratung und f\u00fcr meine T-Shirts. ;-) - ohne Dich w\u00e4re das alles nicht m\u00f6glich. Kai f\u00fcr Deine Unterst\u00fctzung bei der Homepage, dem Flyer und die unz\u00e4hligen\u2026","rel":"","context":"\u00c4hnlicher Beitrag","img":{"alt_text":"","src":"","width":0,"height":0},"classes":[]}],"_links":{"self":[{"href":"https:\/\/www.olivergellert.de\/index.php?rest_route=\/wp\/v2\/pages\/438"}],"collection":[{"href":"https:\/\/www.olivergellert.de\/index.php?rest_route=\/wp\/v2\/pages"}],"about":[{"href":"https:\/\/www.olivergellert.de\/index.php?rest_route=\/wp\/v2\/types\/page"}],"author":[{"embeddable":true,"href":"https:\/\/www.olivergellert.de\/index.php?rest_route=\/wp\/v2\/users\/1"}],"replies":[{"embeddable":true,"href":"https:\/\/www.olivergellert.de\/index.php?rest_route=%2Fwp%2Fv2%2Fcomments&post=438"}],"version-history":[{"count":78,"href":"https:\/\/www.olivergellert.de\/index.php?rest_route=\/wp\/v2\/pages\/438\/revisions"}],"predecessor-version":[{"id":783,"href":"https:\/\/www.olivergellert.de\/index.php?rest_route=\/wp\/v2\/pages\/438\/revisions\/783"}],"wp:attachment":[{"href":"https:\/\/www.olivergellert.de\/index.php?rest_route=%2Fwp%2Fv2%2Fmedia&parent=438"}],"curies":[{"name":"wp","href":"https:\/\/api.w.org\/{rel}","templated":true}]}}